{"id":30539,"date":"2023-03-22T19:10:33","date_gmt":"2023-03-22T19:10:33","guid":{"rendered":"https:\/\/www.manconilegal.ch\/?page_id=30539"},"modified":"2023-04-12T09:01:11","modified_gmt":"2023-04-12T09:01:11","slug":"profil","status":"publish","type":"page","link":"https:\/\/www.manconilegal.ch\/fr\/profil\/","title":{"rendered":"Profil"},"content":{"rendered":"<p>[et_pb_section fb_built=\u00a0\u00bb1&Prime; custom_padding_last_edited=\u00a0\u00bbon|phone\u00a0\u00bb _builder_version=\u00a0\u00bb4.20.2&Prime; _module_preset=\u00a0\u00bbdefault\u00a0\u00bb background_color=\u00a0\u00bbrgba(0,0,0,0.41)\u00a0\u00bb background_image=\u00a0\u00bbhttps:\/\/www.manconilegal.ch\/wp-content\/uploads\/2023\/03\/profilo-alix-manconi.jpg\u00a0\u00bb background_blend=\u00a0\u00bboverlay\u00a0\u00bb custom_padding=\u00a0\u00bb128px||128px||true|\u00a0\u00bb custom_padding_tablet=\u00a0\u00bb40px||40px||true|false\u00a0\u00bb custom_padding_phone=\u00a0\u00bb40px||40px||true|false\u00a0\u00bb animation_style=\u00a0\u00bbfade\u00a0\u00bb global_colors_info=\u00a0\u00bb{}\u00a0\u00bb][et_pb_row _builder_version=\u00a0\u00bb4.20.2&Prime; _module_preset=\u00a0\u00bbdefault\u00a0\u00bb max_width=\u00a0\u00bb2560px\u00a0\u00bb global_colors_info=\u00a0\u00bb{}\u00a0\u00bb][et_pb_column type=\u00a0\u00bb4_4&Prime; _builder_version=\u00a0\u00bb4.20.2&Prime; _module_preset=\u00a0\u00bbdefault\u00a0\u00bb global_colors_info=\u00a0\u00bb{}\u00a0\u00bb][et_pb_text _builder_version=\u00a0\u00bb4.20.2&Prime; _module_preset=\u00a0\u00bbdefault\u00a0\u00bb header_font=\u00a0\u00bb|300|||||||\u00a0\u00bb header_text_align=\u00a0\u00bbleft\u00a0\u00bb header_text_color=\u00a0\u00bb#FFFFFF\u00a0\u00bb header_font_size=\u00a0\u00bb100px\u00a0\u00bb header_text_align_tablet=\u00a0\u00bbleft\u00a0\u00bb header_text_align_phone=\u00a0\u00bbcenter\u00a0\u00bb header_text_align_last_edited=\u00a0\u00bbon|phone\u00a0\u00bb header_font_size_tablet=\u00a0\u00bb35px\u00a0\u00bb header_font_size_phone=\u00a0\u00bb35px\u00a0\u00bb header_font_size_last_edited=\u00a0\u00bbon|tablet\u00a0\u00bb global_colors_info=\u00a0\u00bb{}\u00a0\u00bb]<\/p>\n<h1>Profil<\/h1>\n<p>[\/et_pb_text][\/et_pb_column][\/et_pb_row][\/et_pb_section][et_pb_section fb_built=\u00a0\u00bb1&Prime; custom_padding_last_edited=\u00a0\u00bbon|phone\u00a0\u00bb _builder_version=\u00a0\u00bb4.20.2&Prime; _module_preset=\u00a0\u00bbdefault\u00a0\u00bb background_color=\u00a0\u00bb#FFFFFF\u00a0\u00bb background_image=\u00a0\u00bbhttps:\/\/www.manconilegal.ch\/wp-content\/uploads\/2023\/03\/IMG_4964.jpeg\u00a0\u00bb background_blend=\u00a0\u00bboverlay\u00a0\u00bb custom_padding=\u00a0\u00bb99px||99px||true|false\u00a0\u00bb custom_padding_tablet=\u00a0\u00bb99px||99px||true|false\u00a0\u00bb custom_padding_phone=\u00a0\u00bb53px||53px||true|false\u00a0\u00bb global_colors_info=\u00a0\u00bb{}\u00a0\u00bb][et_pb_row column_structure=\u00a0\u00bb1_3,2_3&Prime; _builder_version=\u00a0\u00bb4.20.2&Prime; _module_preset=\u00a0\u00bbdefault\u00a0\u00bb max_width=\u00a0\u00bb2560px\u00a0\u00bb module_alignment=\u00a0\u00bbcenter\u00a0\u00bb custom_padding=\u00a0\u00bb0px|0px|0px|0px|true|true\u00a0\u00bb global_colors_info=\u00a0\u00bb{}\u00a0\u00bb][et_pb_column type=\u00a0\u00bb1_3&Prime; _builder_version=\u00a0\u00bb4.20.2&Prime; _module_preset=\u00a0\u00bbdefault\u00a0\u00bb custom_padding=\u00a0\u00bb||||false|true\u00a0\u00bb animation_style=\u00a0\u00bbslide\u00a0\u00bb animation_direction=\u00a0\u00bbleft\u00a0\u00bb custom_css_main_element=\u00a0\u00bbdisplay: flex; ||    flex-direction: column; ||    justify-content: center;\u00a0\u00bb global_colors_info=\u00a0\u00bb{}\u00a0\u00bb][et_pb_image src=\u00a0\u00bbhttps:\/\/www.manconilegal.ch\/wp-content\/uploads\/2023\/03\/Profilo-alix-manconi-avvocato.jpg\u00a0\u00bb title_text=\u00a0\u00bbProfilo-alix-manconi-avvocato\u00a0\u00bb _builder_version=\u00a0\u00bb4.20.2&Prime; _module_preset=\u00a0\u00bbdefault\u00a0\u00bb max_width_tablet=\u00a0\u00bb56%\u00a0\u00bb max_width_phone=\u00a0\u00bb86%\u00a0\u00bb max_width_last_edited=\u00a0\u00bbon|tablet\u00a0\u00bb module_alignment_tablet=\u00a0\u00bbcenter\u00a0\u00bb module_alignment_phone=\u00a0\u00bbcenter\u00a0\u00bb module_alignment_last_edited=\u00a0\u00bbon|tablet\u00a0\u00bb global_colors_info=\u00a0\u00bb{}\u00a0\u00bb][\/et_pb_image][et_pb_text _builder_version=\u00a0\u00bb4.20.2&Prime; _module_preset=\u00a0\u00bbdefault\u00a0\u00bb header_2_font_size=\u00a0\u00bb1.6vw\u00a0\u00bb header_2_text_align_tablet=\u00a0\u00bbcenter\u00a0\u00bb header_2_text_align_phone=\u00a0\u00bbcenter\u00a0\u00bb header_2_text_align_last_edited=\u00a0\u00bbon|tablet\u00a0\u00bb header_2_font_size_tablet=\u00a0\u00bb25px\u00a0\u00bb header_2_font_size_phone=\u00a0\u00bb25px\u00a0\u00bb header_2_font_size_last_edited=\u00a0\u00bbon|tablet\u00a0\u00bb global_colors_info=\u00a0\u00bb{}\u00a0\u00bb]<\/p>\n<h2>Avocat Alix Manconi<\/h2>\n<p>[\/et_pb_text][et_pb_blurb use_icon=\u00a0\u00bbon\u00a0\u00bb font_icon=\u00a0\u00bb&#xf879;||fa||900&Prime; icon_placement=\u00a0\u00bbleft\u00a0\u00bb image_icon_width=\u00a0\u00bb22px\u00a0\u00bb content_max_width_tablet=\u00a0\u00bb224px\u00a0\u00bb content_max_width_phone=\u00a0\u00bb277px\u00a0\u00bb content_max_width_last_edited=\u00a0\u00bbon|tablet\u00a0\u00bb _builder_version=\u00a0\u00bb4.20.2&Prime; _module_preset=\u00a0\u00bbdefault\u00a0\u00bb header_font=\u00a0\u00bbMontserrat|300|||||||\u00a0\u00bb header_font_size=\u00a0\u00bb16px\u00a0\u00bb body_font=\u00a0\u00bbMontserrat|300|||||||\u00a0\u00bb body_text_color=\u00a0\u00bb#191919&Prime; body_font_size=\u00a0\u00bb0.9vw\u00a0\u00bb link_option_url=\u00a0\u00bbtel:+41917511275&Prime; body_font_size_tablet=\u00a0\u00bb18px\u00a0\u00bb body_font_size_phone=\u00a0\u00bb16px\u00a0\u00bb body_font_size_last_edited=\u00a0\u00bbon|tablet\u00a0\u00bb module_alignment_tablet=\u00a0\u00bbcenter\u00a0\u00bb module_alignment_phone=\u00a0\u00bbcenter\u00a0\u00bb module_alignment_last_edited=\u00a0\u00bbon|tablet\u00a0\u00bb locked=\u00a0\u00bboff\u00a0\u00bb global_colors_info=\u00a0\u00bb{}\u00a0\u00bb]<\/p>\n<p>+41 (0)91 751 12 75<\/p>\n<p>[\/et_pb_blurb][et_pb_blurb use_icon=\u00a0\u00bbon\u00a0\u00bb font_icon=\u00a0\u00bb&#xe010;||divi||400&Prime; icon_placement=\u00a0\u00bbleft\u00a0\u00bb image_icon_width=\u00a0\u00bb22px\u00a0\u00bb font_icon_last_edited=\u00a0\u00bboff|desktop\u00a0\u00bb content_max_width_tablet=\u00a0\u00bb281px\u00a0\u00bb content_max_width_phone=\u00a0\u00bb281px\u00a0\u00bb content_max_width_last_edited=\u00a0\u00bbon|tablet\u00a0\u00bb _builder_version=\u00a0\u00bb4.20.2&Prime; _module_preset=\u00a0\u00bbdefault\u00a0\u00bb header_font=\u00a0\u00bbMontserrat|300|||||||\u00a0\u00bb header_font_size=\u00a0\u00bb16px\u00a0\u00bb body_font=\u00a0\u00bbMontserrat|300|||||||\u00a0\u00bb body_text_color=\u00a0\u00bb#191919&Prime; body_font_size=\u00a0\u00bb0.9vw\u00a0\u00bb link_option_url=\u00a0\u00bbmailto:info@manconilegal.ch\u00a0\u00bb body_font_size_tablet=\u00a0\u00bb18px\u00a0\u00bb body_font_size_phone=\u00a0\u00bb16px\u00a0\u00bb body_font_size_last_edited=\u00a0\u00bbon|tablet\u00a0\u00bb module_alignment_tablet=\u00a0\u00bbcenter\u00a0\u00bb module_alignment_phone=\u00a0\u00bbcenter\u00a0\u00bb module_alignment_last_edited=\u00a0\u00bbon|tablet\u00a0\u00bb locked=\u00a0\u00bboff\u00a0\u00bb global_colors_info=\u00a0\u00bb{}\u00a0\u00bb]<\/p>\n<p>info@manconilegal.ch<\/p>\n<p>[\/et_pb_blurb][et_pb_blurb use_icon=\u00a0\u00bbon\u00a0\u00bb font_icon=\u00a0\u00bb&#xe01d;||divi||400&Prime; icon_placement=\u00a0\u00bbleft\u00a0\u00bb content_max_width_tablet=\u00a0\u00bb232px\u00a0\u00bb content_max_width_phone=\u00a0\u00bb289px\u00a0\u00bb content_max_width_last_edited=\u00a0\u00bbon|tablet\u00a0\u00bb _builder_version=\u00a0\u00bb4.20.2&Prime; _module_preset=\u00a0\u00bbdefault\u00a0\u00bb header_font=\u00a0\u00bbMontserrat|300|||||||\u00a0\u00bb header_font_size=\u00a0\u00bb16px\u00a0\u00bb body_font=\u00a0\u00bbMontserrat|300|||||||\u00a0\u00bb body_text_color=\u00a0\u00bb#191919&Prime; body_font_size=\u00a0\u00bb0.9vw\u00a0\u00bb body_font_size_tablet=\u00a0\u00bb18px\u00a0\u00bb body_font_size_phone=\u00a0\u00bb16px\u00a0\u00bb body_font_size_last_edited=\u00a0\u00bbon|tablet\u00a0\u00bb module_alignment_tablet=\u00a0\u00bbcenter\u00a0\u00bb module_alignment_phone=\u00a0\u00bbcenter\u00a0\u00bb module_alignment_last_edited=\u00a0\u00bbon|tablet\u00a0\u00bb locked=\u00a0\u00bboff\u00a0\u00bb global_colors_info=\u00a0\u00bb{}\u00a0\u00bb]<\/p>\n<p>Via della Pace 5<br \/>CP 523<br \/>6601 Locarno<\/p>\n<p>[\/et_pb_blurb][\/et_pb_column][et_pb_column type=\u00a0\u00bb2_3&Prime; _builder_version=\u00a0\u00bb4.20.2&Prime; _module_preset=\u00a0\u00bbdefault\u00a0\u00bb custom_padding=\u00a0\u00bb||||false|true\u00a0\u00bb animation_style=\u00a0\u00bbslide\u00a0\u00bb animation_direction=\u00a0\u00bbright\u00a0\u00bb custom_css_main_element=\u00a0\u00bbdisplay: flex; ||    flex-direction: column; ||    justify-content: center;\u00a0\u00bb global_colors_info=\u00a0\u00bb{}\u00a0\u00bb][et_pb_text _builder_version=\u00a0\u00bb4.20.2&Prime; _module_preset=\u00a0\u00bbdefault\u00a0\u00bb text_font=\u00a0\u00bbMontserrat|300|||||||\u00a0\u00bb text_text_color=\u00a0\u00bb#191919&Prime; text_font_size=\u00a0\u00bb18px\u00a0\u00bb header_2_font=\u00a0\u00bbMontserrat|||on|||||\u00a0\u00bb header_2_font_size=\u00a0\u00bb55px\u00a0\u00bb custom_margin=\u00a0\u00bb||1px|||\u00a0\u00bb text_font_size_tablet=\u00a0\u00bb18px\u00a0\u00bb text_font_size_phone=\u00a0\u00bb16px\u00a0\u00bb text_font_size_last_edited=\u00a0\u00bbon|phone\u00a0\u00bb locked=\u00a0\u00bboff\u00a0\u00bb global_colors_info=\u00a0\u00bb{}\u00a0\u00bb]<\/p>\n<p><span style=\"text-decoration: underline;\"><strong>Donn\u00e9es personnelles<\/strong><\/span><\/p>\n<p>N\u00e9e le 1<sup><span style=\"font-size: 15px;\">er<\/span><\/sup> octobre 1988 \u00e0 Lugano, \u00e9pouse et m\u00e8re d\u2019une fille, de citoyennet\u00e9 suisse et canadienne, domicili\u00e9e \u00e0 Ascona.<\/p>\n<p><span style=\"text-decoration: underline;\"><strong>Langues<\/strong><\/span><\/p>\n<ul>\n<li>Italien<\/li>\n<li>Fran\u00e7ais<\/li>\n<li>Anglais<\/li>\n<\/ul>\n<p><span style=\"text-decoration: underline;\"><strong>Formation<\/strong><\/span><\/p>\n<ul>\n<li><strong>Juin 2008<\/strong> <em>Maturit\u00e9 f\u00e9d\u00e9rale<\/em> obtenue aupr\u00e8s du Lyc\u00e9e cantonal de Locarno<\/li>\n<li><strong>Juillet 2012<\/strong>\u00a0<em>Bachelor<\/em> (BLaw)\u00a0 en droit obtenu aupr\u00e8s de la Facult\u00e9 de droit de l\u2019Universit\u00e9 de Lausanne<\/li>\n<li><strong>Aout 2013<\/strong> \u00a0<em>Master<\/em> (MLaw mention\u00a0<em>magna cum laude<\/em>) obtenu aupr\u00e8s de la Facult\u00e9 de droit de l\u2019Universit\u00e9 de Lausanne<\/li>\n<li><strong>D\u00e9cembre 2016<\/strong> <em>Brevet d\u2019avocat<\/em><\/li>\n<li><strong>Octobre 2017<\/strong> <em>Certificate of advanced studies<\/em> (CAS) en droit des migrations obtenu aupr\u00e8s des Universit\u00e9s de Berne, Neuchatel et Fribourg<\/li>\n<\/ul>\n<p><span style=\"text-decoration: underline;\"><strong>Exp\u00e9riences professionnelles<\/strong><\/span><\/p>\n<ul>\n<li><strong>Septembre 2013 \u2013 f\u00e9vrier 2014<\/strong> Collaboratrice de direction aupr\u00e8s du D\u00e9partement des Institutions du Canton du Tessin<\/li>\n<li><strong>Mars 2014 \u2013 juin 2014<\/strong> Avocate stagiaire aupr\u00e8s du Minist\u00e8re publique de la Conf\u00e9d\u00e9ration<\/li>\n<li><strong>Juillet 2014 \u2013 juin 2015<\/strong> Avocate stagiaire aupr\u00e8s de Ma\u00eetre Fiorenzo Cotti, Locarno<\/li>\n<li><strong>Aout 2015 \u2013 d\u00e9cembre 2015<\/strong> Avocate stagiaire aupr\u00e8s de la Justice de Paix de Locarno-Campagna<\/li>\n<li><strong>Janvier 2017<\/strong> Stagiaire juridique au registre foncier du district de Locarno<\/li>\n<li><strong>Mai 2017<\/strong> Stagiaire juridique au Registre du commerce de Biasca<\/li>\n<li><strong>Juin 2017 \u2013 d\u00e9cembre 2018<\/strong> Avocate aupr\u00e8s de l\u2019\u00e9tude l\u00e9gale Eigenmann Associ\u00e9s, Locarno<\/li>\n<li><strong>Janvier 2019 \u2013 mars 2023<\/strong> Avocate aupr\u00e8s de l\u2019\u00e9tude l\u00e9gale Ma\u00eetre Niccol\u00f2 Salvioni, Locarno<\/li>\n<li><strong>Avril 2023<\/strong> Titulaire de l\u2019\u00e9tude l\u00e9gale Ma\u00eetre Alix Manconi, Locarno<\/li>\n<\/ul>\n<p><span style=\"text-decoration: underline;\"><strong>Associations<\/strong><\/span><\/p>\n<ul>\n<li>Membre de l\u2019Ordre des avocats du Canton du Tessin (OATi)<\/li>\n<li>Membre de la F\u00e9d\u00e9ration suisse des avocats (FSA)<\/li>\n<\/ul>\n<p><span style=\"text-decoration: underline;\"><strong>Commissions<\/strong><\/span><br \/>Membre de la Commission pour l\u2019examen des condamn\u00e9s dangereux du Canton du Tessin<\/p>\n<p><span style=\"text-decoration: underline;\"><strong>Autres activit\u00e9s<\/strong><\/span><br \/>Curatrice<\/p>\n<p>[\/et_pb_text][\/et_pb_column][\/et_pb_row][\/et_pb_section][et_pb_section fb_built=\u00a0\u00bb1&Prime; _builder_version=\u00a0\u00bb4.20.2&Prime; _module_preset=\u00a0\u00bbdefault\u00a0\u00bb custom_padding=\u00a0\u00bb0px||0px||true|false\u00a0\u00bb saved_tabs=\u00a0\u00bball\u00a0\u00bb global_colors_info=\u00a0\u00bb{}\u00a0\u00bb][et_pb_row column_structure=\u00a0\u00bb1_2,1_2&Prime; use_custom_gutter=\u00a0\u00bbon\u00a0\u00bb gutter_width=\u00a0\u00bb1&Prime; make_equal=\u00a0\u00bbon\u00a0\u00bb _builder_version=\u00a0\u00bb4.20.2&Prime; _module_preset=\u00a0\u00bbdefault\u00a0\u00bb background_image=\u00a0\u00bbhttps:\/\/www.manconilegal.ch\/wp-content\/uploads\/2023\/03\/locarno-1.jpg\u00a0\u00bb width=\u00a0\u00bb100%\u00a0\u00bb max_width=\u00a0\u00bb2560px\u00a0\u00bb module_alignment=\u00a0\u00bbcenter\u00a0\u00bb custom_padding=\u00a0\u00bb0px||0px||true|false\u00a0\u00bb locked=\u00a0\u00bboff\u00a0\u00bb global_colors_info=\u00a0\u00bb{}\u00a0\u00bb][et_pb_column type=\u00a0\u00bb1_2&Prime; _builder_version=\u00a0\u00bb4.20.2&Prime; _module_preset=\u00a0\u00bbdefault\u00a0\u00bb background_color=\u00a0\u00bbrgba(0,0,0,0.76)\u00a0\u00bb custom_padding=\u00a0\u00bb11%|9%|11%|9%|true|true\u00a0\u00bb custom_padding_tablet=\u00a0\u00bb15%|9%|15%|9%|true|true\u00a0\u00bb custom_padding_phone=\u00a0\u00bb\u00a0\u00bb custom_padding_last_edited=\u00a0\u00bbon|tablet\u00a0\u00bb animation_style=\u00a0\u00bbslide\u00a0\u00bb animation_direction=\u00a0\u00bbleft\u00a0\u00bb animation_duration=\u00a0\u00bb1150ms\u00a0\u00bb background_color_tablet=\u00a0\u00bbrgba(0,0,0,0.57)\u00a0\u00bb background_last_edited=\u00a0\u00bbon|tablet\u00a0\u00bb background_enable_color_tablet=\u00a0\u00bbon\u00a0\u00bb custom_css_main_element=\u00a0\u00bbdisplay: flex; ||    flex-direction: column; ||    justify-content: center;\u00a0\u00bb global_colors_info=\u00a0\u00bb{}\u00a0\u00bb][et_pb_text _builder_version=\u00a0\u00bb4.20.2&Prime; _module_preset=\u00a0\u00bbdefault\u00a0\u00bb text_font=\u00a0\u00bbMontserrat|300|||||||\u00a0\u00bb text_font_size=\u00a0\u00bb21px\u00a0\u00bb header_2_font=\u00a0\u00bbMontserrat|300|||||||\u00a0\u00bb header_2_text_align=\u00a0\u00bbleft\u00a0\u00bb header_2_text_color=\u00a0\u00bb#FFFFFF\u00a0\u00bb header_2_font_size=\u00a0\u00bb70px\u00a0\u00bb header_4_font=\u00a0\u00bbMontserrat|300||on|||||\u00a0\u00bb header_4_text_align=\u00a0\u00bbleft\u00a0\u00bb header_4_text_color=\u00a0\u00bb#FFFFFF\u00a0\u00bb header_4_font_size=\u00a0\u00bb20px\u00a0\u00bb custom_margin=\u00a0\u00bb||0px||false|false\u00a0\u00bb animation_direction=\u00a0\u00bbleft\u00a0\u00bb header_2_text_align_tablet=\u00a0\u00bbcenter\u00a0\u00bb header_2_text_align_phone=\u00a0\u00bb\u00a0\u00bb header_2_text_align_last_edited=\u00a0\u00bbon|tablet\u00a0\u00bb header_2_font_size_tablet=\u00a0\u00bb40px\u00a0\u00bb header_2_font_size_phone=\u00a0\u00bb25px\u00a0\u00bb header_2_font_size_last_edited=\u00a0\u00bbon|tablet\u00a0\u00bb header_4_text_align_tablet=\u00a0\u00bbcenter\u00a0\u00bb header_4_text_align_phone=\u00a0\u00bb\u00a0\u00bb header_4_text_align_last_edited=\u00a0\u00bbon|tablet\u00a0\u00bb header_4_font_size_tablet=\u00a0\u00bb\u00a0\u00bb header_4_font_size_phone=\u00a0\u00bb16px\u00a0\u00bb header_4_font_size_last_edited=\u00a0\u00bbon|phone\u00a0\u00bb global_colors_info=\u00a0\u00bb{}\u00a0\u00bb]<\/p>\n<h4>CABINET D\u2019AVOCAT ALIX MANCONI<\/h4>\n<h2>Contacts<\/h2>\n<p>[\/et_pb_text][et_pb_divider divider_position=\u00a0\u00bbcenter\u00a0\u00bb divider_weight=\u00a0\u00bb3px\u00a0\u00bb _builder_version=\u00a0\u00bb4.20.2&Prime; _module_preset=\u00a0\u00bbdefault\u00a0\u00bb width=\u00a0\u00bb11%\u00a0\u00bb max_width=\u00a0\u00bb12%\u00a0\u00bb module_alignment=\u00a0\u00bbleft\u00a0\u00bb custom_margin=\u00a0\u00bb16px||22px||false|false\u00a0\u00bb animation_direction=\u00a0\u00bbleft\u00a0\u00bb module_alignment_tablet=\u00a0\u00bbcenter\u00a0\u00bb module_alignment_phone=\u00a0\u00bb\u00a0\u00bb module_alignment_last_edited=\u00a0\u00bbon|tablet\u00a0\u00bb locked=\u00a0\u00bboff\u00a0\u00bb global_colors_info=\u00a0\u00bb{}\u00a0\u00bb][\/et_pb_divider][et_pb_text _builder_version=\u00a0\u00bb4.20.2&Prime; _module_preset=\u00a0\u00bbdefault\u00a0\u00bb text_font=\u00a0\u00bbMontserrat|300|||||||\u00a0\u00bb text_text_color=\u00a0\u00bb#FFFFFF\u00a0\u00bb text_font_size=\u00a0\u00bb19px\u00a0\u00bb header_2_font=\u00a0\u00bbMontserrat|||on|||||\u00a0\u00bb header_2_font_size=\u00a0\u00bb55px\u00a0\u00bb animation_direction=\u00a0\u00bbleft\u00a0\u00bb text_font_size_tablet=\u00a0\u00bb\u00a0\u00bb text_font_size_phone=\u00a0\u00bb16px\u00a0\u00bb text_font_size_last_edited=\u00a0\u00bbon|phone\u00a0\u00bb text_orientation_tablet=\u00a0\u00bbcenter\u00a0\u00bb text_orientation_phone=\u00a0\u00bb\u00a0\u00bb text_orientation_last_edited=\u00a0\u00bbon|tablet\u00a0\u00bb global_colors_info=\u00a0\u00bb{}\u00a0\u00bb]<\/p>\n<p>Demandez plus d\u2019informations sur les services propos\u00e9s par l\u2019avocat Alix Manconi en remplissant le formulaire de contact<\/p>\n<p>[\/et_pb_text][et_pb_button button_url=\u00a0\u00bb@ET-DC@eyJkeW5hbWljIjp0cnVlLCJjb250ZW50IjoicG9zdF9saW5rX3VybF9wYWdlIiwic2V0dGluZ3MiOnsicG9zdF9pZCI6IjMwMjQxIn19@\u00a0\u00bb button_text=\u00a0\u00bbContactez-nous\u00a0\u00bb button_alignment_tablet=\u00a0\u00bbcenter\u00a0\u00bb button_alignment_phone=\u00a0\u00bb\u00a0\u00bb button_alignment_last_edited=\u00a0\u00bbon|tablet\u00a0\u00bb _builder_version=\u00a0\u00bb4.20.2&Prime; _dynamic_attributes=\u00a0\u00bbbutton_url\u00a0\u00bb _module_preset=\u00a0\u00bbdefault\u00a0\u00bb custom_button=\u00a0\u00bbon\u00a0\u00bb button_text_color=\u00a0\u00bb#FFFFFF\u00a0\u00bb button_bg_color=\u00a0\u00bb#8e1227&Prime; button_border_width=\u00a0\u00bb0px\u00a0\u00bb button_font=\u00a0\u00bbMontserrat|300|||||||\u00a0\u00bb button_icon=\u00a0\u00bb&#x24;||divi||400&Prime; custom_margin=\u00a0\u00bb16px||||false|false\u00a0\u00bb animation_direction=\u00a0\u00bbleft\u00a0\u00bb global_colors_info=\u00a0\u00bb{}\u00a0\u00bb button_bg_color__hover_enabled=\u00a0\u00bbon|hover\u00a0\u00bb button_bg_color__hover=\u00a0\u00bb#000000&Prime; button_bg_enable_color__hover=\u00a0\u00bbon\u00a0\u00bb][\/et_pb_button][\/et_pb_column][et_pb_column type=\u00a0\u00bb1_2&Prime; disabled_on=\u00a0\u00bbon|on|off\u00a0\u00bb _builder_version=\u00a0\u00bb4.20.2&Prime; _module_preset=\u00a0\u00bbdefault\u00a0\u00bb background_enable_image=\u00a0\u00bboff\u00a0\u00bb custom_css_main_element=\u00a0\u00bbdisplay: flex; ||    flex-direction: column; ||    justify-content: center;\u00a0\u00bb global_colors_info=\u00a0\u00bb{}\u00a0\u00bb][\/et_pb_column][\/et_pb_row][\/et_pb_section]<\/p>\n","protected":false},"excerpt":{"rendered":"<p>ProfilAvocat Alix Manconi+41 (0)91 751 12 75info@manconilegal.chVia della Pace 5CP 5236601 LocarnoDonn\u00e9es personnelles N\u00e9e le 1er octobre 1988 \u00e0 Lugano, \u00e9pouse et m\u00e8re d\u2019une fille, de citoyennet\u00e9 suisse et canadienne, domicili\u00e9e \u00e0 Ascona. Langues Italien Fran\u00e7ais Anglais Formation Juin 2008 Maturit\u00e9 f\u00e9d\u00e9rale obtenue aupr\u00e8s du Lyc\u00e9e cantonal de Locarno Juillet 2012\u00a0Bachelor (BLaw)\u00a0 en droit obtenu [&hellip;]<\/p>\n","protected":false},"author":3,"featured_media":0,"parent":0,"menu_order":0,"comment_status":"closed","ping_status":"closed","template":"","meta":{"_et_pb_use_builder":"on","_et_pb_old_content":"","_et_gb_content_width":"","footnotes":""},"dipi_cpt_category":[],"class_list":["post-30539","page","type-page","status-publish","hentry"],"yoast_head":"<!-- This site is optimized with the Yoast SEO plugin v26.0 - https:\/\/yoast.com\/wordpress\/plugins\/seo\/ -->\n<title>Profil - Alix Manconi<\/title>\n<meta name=\"robots\" content=\"index, follow, max-snippet:-1, max-image-preview:large, max-video-preview:-1\" \/>\n<link rel=\"canonical\" href=\"https:\/\/www.manconilegal.ch\/fr\/profil\/\" \/>\n<meta property=\"og:locale\" content=\"fr_FR\" \/>\n<meta property=\"og:type\" content=\"article\" \/>\n<meta property=\"og:title\" content=\"Profil - Alix Manconi\" \/>\n<meta property=\"og:description\" content=\"ProfilAvocat Alix Manconi+41 (0)91 751 12 75info@manconilegal.chVia della Pace 5CP 5236601 LocarnoDonn\u00e9es personnelles N\u00e9e le 1er octobre 1988 \u00e0 Lugano, \u00e9pouse et m\u00e8re d\u2019une fille, de citoyennet\u00e9 suisse et canadienne, domicili\u00e9e \u00e0 Ascona. Langues Italien Fran\u00e7ais Anglais Formation Juin 2008 Maturit\u00e9 f\u00e9d\u00e9rale obtenue aupr\u00e8s du Lyc\u00e9e cantonal de Locarno Juillet 2012\u00a0Bachelor (BLaw)\u00a0 en droit obtenu [&hellip;]\" \/>\n<meta property=\"og:url\" content=\"https:\/\/www.manconilegal.ch\/fr\/profil\/\" \/>\n<meta property=\"og:site_name\" content=\"Alix Manconi\" \/>\n<meta property=\"article:modified_time\" content=\"2023-04-12T09:01:11+00:00\" \/>\n<meta name=\"twitter:card\" content=\"summary_large_image\" \/>\n<meta name=\"twitter:label1\" content=\"Dur\u00e9e de lecture estim\u00e9e\" \/>\n\t<meta name=\"twitter:data1\" content=\"4 minutes\" \/>\n<script type=\"application\/ld+json\" class=\"yoast-schema-graph\">{\"@context\":\"https:\/\/schema.org\",\"@graph\":[{\"@type\":\"WebPage\",\"@id\":\"https:\/\/www.manconilegal.ch\/fr\/profil\/\",\"url\":\"https:\/\/www.manconilegal.ch\/fr\/profil\/\",\"name\":\"Profil - Alix Manconi\",\"isPartOf\":{\"@id\":\"https:\/\/www.manconilegal.ch\/#website\"},\"datePublished\":\"2023-03-22T19:10:33+00:00\",\"dateModified\":\"2023-04-12T09:01:11+00:00\",\"inLanguage\":\"fr-FR\",\"potentialAction\":[{\"@type\":\"ReadAction\",\"target\":[\"https:\/\/www.manconilegal.ch\/fr\/profil\/\"]}]},{\"@type\":\"WebSite\",\"@id\":\"https:\/\/www.manconilegal.ch\/#website\",\"url\":\"https:\/\/www.manconilegal.ch\/\",\"name\":\"Alix Manconi\",\"description\":\"Studio legale\",\"potentialAction\":[{\"@type\":\"SearchAction\",\"target\":{\"@type\":\"EntryPoint\",\"urlTemplate\":\"https:\/\/www.manconilegal.ch\/?s={search_term_string}\"},\"query-input\":{\"@type\":\"PropertyValueSpecification\",\"valueRequired\":true,\"valueName\":\"search_term_string\"}}],\"inLanguage\":\"fr-FR\"}]}<\/script>\n<!-- \/ Yoast SEO plugin. -->","yoast_head_json":{"title":"Profil - Alix Manconi","robots":{"index":"index","follow":"follow","max-snippet":"max-snippet:-1","max-image-preview":"max-image-preview:large","max-video-preview":"max-video-preview:-1"},"canonical":"https:\/\/www.manconilegal.ch\/fr\/profil\/","og_locale":"fr_FR","og_type":"article","og_title":"Profil - Alix Manconi","og_description":"ProfilAvocat Alix Manconi+41 (0)91 751 12 75info@manconilegal.chVia della Pace 5CP 5236601 LocarnoDonn\u00e9es personnelles N\u00e9e le 1er octobre 1988 \u00e0 Lugano, \u00e9pouse et m\u00e8re d\u2019une fille, de citoyennet\u00e9 suisse et canadienne, domicili\u00e9e \u00e0 Ascona. Langues Italien Fran\u00e7ais Anglais Formation Juin 2008 Maturit\u00e9 f\u00e9d\u00e9rale obtenue aupr\u00e8s du Lyc\u00e9e cantonal de Locarno Juillet 2012\u00a0Bachelor (BLaw)\u00a0 en droit obtenu [&hellip;]","og_url":"https:\/\/www.manconilegal.ch\/fr\/profil\/","og_site_name":"Alix Manconi","article_modified_time":"2023-04-12T09:01:11+00:00","twitter_card":"summary_large_image","twitter_misc":{"Dur\u00e9e de lecture estim\u00e9e":"4 minutes"},"schema":{"@context":"https:\/\/schema.org","@graph":[{"@type":"WebPage","@id":"https:\/\/www.manconilegal.ch\/fr\/profil\/","url":"https:\/\/www.manconilegal.ch\/fr\/profil\/","name":"Profil - Alix Manconi","isPartOf":{"@id":"https:\/\/www.manconilegal.ch\/#website"},"datePublished":"2023-03-22T19:10:33+00:00","dateModified":"2023-04-12T09:01:11+00:00","inLanguage":"fr-FR","potentialAction":[{"@type":"ReadAction","target":["https:\/\/www.manconilegal.ch\/fr\/profil\/"]}]},{"@type":"WebSite","@id":"https:\/\/www.manconilegal.ch\/#website","url":"https:\/\/www.manconilegal.ch\/","name":"Alix Manconi","description":"Studio legale","potentialAction":[{"@type":"SearchAction","target":{"@type":"EntryPoint","urlTemplate":"https:\/\/www.manconilegal.ch\/?s={search_term_string}"},"query-input":{"@type":"PropertyValueSpecification","valueRequired":true,"valueName":"search_term_string"}}],"inLanguage":"fr-FR"}]}},"_links":{"self":[{"href":"https:\/\/www.manconilegal.ch\/fr\/wp-json\/wp\/v2\/pages\/30539","targetHints":{"allow":["GET"]}}],"collection":[{"href":"https:\/\/www.manconilegal.ch\/fr\/wp-json\/wp\/v2\/pages"}],"about":[{"href":"https:\/\/www.manconilegal.ch\/fr\/wp-json\/wp\/v2\/types\/page"}],"author":[{"embeddable":true,"href":"https:\/\/www.manconilegal.ch\/fr\/wp-json\/wp\/v2\/users\/3"}],"replies":[{"embeddable":true,"href":"https:\/\/www.manconilegal.ch\/fr\/wp-json\/wp\/v2\/comments?post=30539"}],"version-history":[{"count":11,"href":"https:\/\/www.manconilegal.ch\/fr\/wp-json\/wp\/v2\/pages\/30539\/revisions"}],"predecessor-version":[{"id":30627,"href":"https:\/\/www.manconilegal.ch\/fr\/wp-json\/wp\/v2\/pages\/30539\/revisions\/30627"}],"wp:attachment":[{"href":"https:\/\/www.manconilegal.ch\/fr\/wp-json\/wp\/v2\/media?parent=30539"}],"wp:term":[{"taxonomy":"dipi_cpt_category","embeddable":true,"href":"https:\/\/www.manconilegal.ch\/fr\/wp-json\/wp\/v2\/dipi_cpt_category?post=30539"}],"curies":[{"name":"wp","href":"https:\/\/api.w.org\/{rel}","templated":true}]}}